{"id":358,"date":"2019-12-04T09:58:09","date_gmt":"2019-12-04T08:58:09","guid":{"rendered":"https:\/\/katholisch-friedrichshafen.comlounge.dev\/jugendreferat\/?page_id=358"},"modified":"2024-01-24T19:24:30","modified_gmt":"2024-01-24T18:24:30","slug":"links","status":"publish","type":"page","link":"https:\/\/katholisch-friedrichshafen.de\/jugendreferat\/service\/links\/","title":{"rendered":"Links"},"content":{"rendered":"<div class=\"textseite-rahmen-absatz\">\n<ul class=\"liste-1\">\n<li class=\"listenpunkt\"><a href=\"http:\/\/www.bdkj.info\/06_mitglieder\/unten_06_d.html\">Jugendreferate der Di\u00f6zese Rottenburg-Stuttgart<\/a><\/li>\n<\/ul>\n<div class=\"trenner-leer\"><\/div>\n<\/div>\n<div class=\"textseite-rahmen-absatz\">\n<p><span class=\"text-normal\"><b>Pfarreien in unserem Dekanat<\/b><\/span><\/p>\n<ul class=\"liste-1\">\n<li class=\"listenpunkt\"><a href=\"http:\/\/StPetrusPaulus-Ettenkirch.drs.de\">Kirchengemeinde St. Petrus und Paulus Ettenkirch<\/a><\/li>\n<\/ul>\n<div class=\"trenner-leer\"><\/div>\n<\/div>\n<div class=\"textseite-rahmen-absatz\">\n<p><span class=\"text-normal\"><b>Verb\u00e4nde<\/b><br \/>\nLinks zu katholischen Kinder- und Jugendverb\u00e4nde auf Di\u00f6zesanebene und Bundesebene<\/span><\/p>\n<ul class=\"liste-1\">\n<li class=\"listenpunkt\"><a href=\"http:\/\/www.bdkj.de\">Bund der Deutschen Kath. Jugend (<acronym title=\"Bund der Deutschen Katholischen Jugend\">BDKJ<\/acronym>) &#8211; Bundesverband<\/a><\/li>\n<li class=\"listenpunkt\"><a href=\"http:\/\/www.bdkj.info\">Bund der Deutschen Kath. Jugend (<acronym title=\"Bund der Deutschen Katholischen Jugend\">BDKJ<\/acronym>) &#8211; Di\u00f6zesanverband<\/a><\/li>\n<li class=\"listenpunkt\"><a href=\"http:\/\/www.caj-rottenburg.de\/\">CAJ Rotteburg-Stuttgart<\/a><\/li>\n<li class=\"listenpunkt\"><a href=\"http:\/\/www.dpsg.de\">DPSG Bundesverband<\/a><\/li>\n<li class=\"listenpunkt\"><a href=\"http:\/\/www.dpsg-rottenburg.de\/\">DPSG Di\u00f6zesanverband[\/url<\/a><\/li>\n<li class=\"listenpunkt\"><a href=\"http:\/\/www.giovanidelleacli.de.vu\/\">Giovani delle ACLI<\/a><\/li>\n<li class=\"listenpunkt\"><a href=\"http:\/\/www.kjg.de\">KJG Bundesverband<\/a><\/li>\n<li class=\"listenpunkt\"><a href=\"http:\/\/www.kjg-drache.de\">KJG Di\u00f6zesanverband<\/a><\/li>\n<li class=\"listenpunkt\"><a href=\"http:\/\/www.rs.kljb.de\">KLJB Rottenburg-Stuttgart<\/a><\/li>\n<li class=\"listenpunkt\"><a href=\"http:\/\/www.kolpingjugend-stuttgart.de\/\">Kolpingjugend Di\u00f6zesanverband Rottenburg-Stuttgart<\/a><\/li>\n<li class=\"listenpunkt\"><a href=\"http:\/\/www.psg-rottenburg-stuttgart.de\/\">PSG Di\u00f6zesanverband Rottenburg-Stuttgart<\/a><\/li>\n<\/ul>\n<div class=\"trenner-leer\"><\/div>\n<\/div>\n<div class=\"textseite-rahmen-absatz\">\n<p><span class=\"text-normal\"><b>Di\u00f6zesane Homepages<\/b><br \/>\nLinks zu Einrichtungen in der Di\u00f6zese.<\/span><\/p>\n<ul class=\"liste-1\">\n<li class=\"listenpunkt\"><a href=\"http:\/\/www.bdkj-ferienwerk.de\/\">BDKJ Ferienwerk<\/a><\/li>\n<li class=\"listenpunkt\"><a href=\"http:\/\/www.buchdienst-wernau.de\/\">Buchdienst Wernau<\/a><br \/>\nDer Buchdienst ist eine gut sortierte Buchhandlung der Di\u00f6zese Rottenburg-Stuttgart im Untergeschoss des Jugendhaus Wernau,<br \/>\nAntoniusstr.3 in Wernau. Mit einem Einkauf dort unterst\u00fctzen Sie direkt die Jugendarbeit der Di\u00f6zese<\/li>\n<li class=\"listenpunkt\"><a href=\"http:\/\/www.drs.de\/\">Di\u00f6zese Rottenburg-Stuttgart<\/a><\/li>\n<li class=\"listenpunkt\"><a href=\"http:\/\/www.just-Jugendstiftung.de\">just- Jugendstiftung der Di\u00f6zese Rottenburg-Stuttgart<\/a><\/li>\n<li class=\"listenpunkt\"><a href=\"http:\/\/www.werdepriester.de\">Vitamin P &#8211; Werd\u00b4 Priester!<\/a><br \/>\nVitamin P will sagen: !!Unsere Welt braucht Priester!!, und will damit nicht sagen, dass es anderer pastoraler Berufe in unserer Kirche und Di\u00f6zese nicht bedarf, sondern wei\u00df sich diesen verbunden.<br \/>\n&#8222;Mach\u00b4s wie ich. Werde Priester!!!&#8220;<\/li>\n<\/ul>\n<div class=\"trenner-leer\"><\/div>\n<\/div>\n<div class=\"textseite-rahmen-absatz\">\n<p><span class=\"text-normal\"><b>Ministrant:innenarbeit<\/b><br \/>\nImformationen zur Ministrant:innenarbeit.<\/span><\/p>\n<ul class=\"liste-1\">\n<li class=\"listenpunkt\"><a href=\"http:\/\/www.minis-cim.net\">Internationale Ministrant:innenarbeit<\/a><br \/>\nHomepage f\u00fcr Minis in drei Sprachen<\/li>\n<li class=\"listenpunkt\"><a href=\"http:\/\/www.minireferat.de\">Ministrant:innenreferat Wernau<\/a><br \/>\nf\u00fcr alle Minis di\u00f6zesanweit<\/li>\n<\/ul>\n<div class=\"trenner-leer\"><\/div>\n<\/div>\n<div class=\"textseite-rahmen-absatz\">\n<p><span class=\"text-normal\"><b>Katholische Kirche (bundesweite, weltweit) \/ Religi\u00f6ses<\/b><br \/>\nInteressante Links zur Katholischen Kirche und zu verschiedenen religi\u00f6sen Internetauftritten.<\/span><\/p>\n<ul class=\"liste-1\">\n<li class=\"listenpunkt\"><a href=\"http:\/\/www.afj.de\/\">Arbeitsstelle f\u00fcr Jugendseelsorge<\/a><\/li>\n<li class=\"listenpunkt\"><a href=\"http:\/\/www.dbk.de\">Deutsche Bischofskonferenz<\/a><\/li>\n<li class=\"listenpunkt\"><a href=\"http:\/\/www.vatican.va\">Homepage des Vatikans<\/a><\/li>\n<li class=\"listenpunkt\"><a href=\"http:\/\/www.kath.de\">Kath. Kirche Deutschland<\/a><\/li>\n<li class=\"listenpunkt\"><a href=\"http:\/\/www.treffpunkt-ethik.de\">Treffpunkt-ethik.de<\/a><\/li>\n<li class=\"listenpunkt\"><a href=\"http:\/\/www.zdk.de\">Zentralkomitee der Deutschen Katholiken<\/a><\/li>\n<\/ul>\n<div class=\"trenner-leer\"><\/div>\n<\/div>\n<div class=\"textseite-rahmen-absatz\">\n<p><span class=\"text-normal\"><b>Rund um die Jugendarbeit<\/b><br \/>\nHilfreiche Informationen f\u00fcr die Arbeit vor Ort.<\/span><\/p>\n<ul class=\"liste-1\">\n<li class=\"listenpunkt\"><a href=\"http:\/\/www.jugendarbeitsnetz.de\/\">Jugendarbeitsnetz<\/a><\/li>\n<li class=\"listenpunkt\"><a href=\"http:\/\/www.kiznet.de\">KIZ-Kommunikationszentrum f\u00fcr Interkulturelle Zusammenarbeit<\/a><br \/>\nEin Treffpunkt f\u00fcr Jugendliche verschiedener Kulturen in Kirchheim<\/li>\n<\/ul>\n<div class=\"trenner-leer\"><\/div>\n<\/div>\n<div class=\"textseite-rahmen-absatz\">\n<p><span class=\"text-normal\"><b>Spielekartei \/ Spieledatenbank<\/b><br \/>\nAlles zum Thema Spiele.<\/span><\/p>\n<ul class=\"liste-1\">\n<li class=\"listenpunkt\"><a href=\"http:\/\/www.grafikdruck.com\/kjg\/GAMES\/default.htm\">KJG.G@mes<\/a><\/li>\n<li class=\"listenpunkt\"><a href=\"http:\/\/www.felsenkirche-oberstein.de\/spielekartei\/\">Oliver Brigel: Spiele f\u00fcr die Jugendarbeit<\/a><\/li>\n<li class=\"listenpunkt\"><a href=\"http:\/\/www.spielboerse.ch\/\">Spieleboerse<\/a><\/li>\n<li class=\"listenpunkt\"><a href=\"http:\/\/www.spielekiste.de\/\">Spielekiste.de<\/a><\/li>\n<\/ul>\n<div class=\"trenner-leer\"><\/div>\n<\/div>\n<div class=\"textseite-rahmen-absatz\">\n<p><span class=\"text-normal\"><b>Juleica<\/b><br \/>\nVerschiedene Links zum Thema Jugendleiter:innen-Card (Juleica).<\/span><\/p>\n<ul class=\"liste-1\">\n<li class=\"listenpunkt\"><a href=\"http:\/\/www.juleica.de\/\">Infos zur Jugendleiter:innen-Card<\/a><\/li>\n<\/ul>\n<div class=\"trenner-leer\"><\/div>\n<\/div>\n<div class=\"textseite-rahmen-absatz\">\n<p><span class=\"text-normal\"><b>Jugendringe<\/b><br \/>\nJugendringseiten auf Kreis-, Landes- und Bundesebene<\/span><\/p>\n<ul class=\"liste-1\">\n<li class=\"listenpunkt\"><a href=\"http:\/\/www.dbjr.de\/\">Deutscher Bundesjugendring<\/a><\/li>\n<\/ul>\n<div class=\"trenner-leer\"><\/div>\n<\/div>\n<div class=\"textseite-rahmen-absatz\">\n<p><span class=\"text-normal\"><b>Freizeiten, Zeltlager usw.<\/b><br \/>\nLinks Anbieter von Freizeiten und Zeltlagern.<\/span><\/p>\n<ul class=\"liste-1\">\n<li class=\"listenpunkt\"><a href=\"http:\/\/www.bdkj-ferienwerk.de\/\">BDKJ Ferienwerk<\/a><\/li>\n<li class=\"listenpunkt\"><a href=\"http:\/\/www.zeltlager-oberginsbach.de\">Zeltlager Oberginsbach<\/a><\/li>\n<li class=\"listenpunkt\"><a href=\"http:\/\/www.zeltlager-rot.de\">Zeltlager Rot<\/a><\/li>\n<li class=\"listenpunkt\"><a href=\"http:\/\/www.zeltlager-seemoos.de\">Zeltlager Seemoos<\/a><\/li>\n<\/ul>\n<div class=\"trenner-leer\"><\/div>\n<\/div>\n<div class=\"textseite-rahmen-absatz\">\n<p><span class=\"text-normal\"><b>Gruppenh\u00e4user und Zeltpl\u00e4tze<\/b><br \/>\nGruppenh\u00e4user- und Zeltplatzdatenbanken f\u00fcr Deutschland und das europ\u00e4ische Ausland.<\/span><\/p>\n<ul class=\"liste-1\">\n<li class=\"listenpunkt\"><a href=\"http:\/\/www.gruppenfreizeiten.de\">Gruppenfreizeiten.de<\/a><\/li>\n<li class=\"listenpunkt\"><a href=\"http:\/\/www.gruppen-haeuser.de\/\">Gruppenh\u00e4user und Jugendzeltpl\u00e4tze<\/a><\/li>\n<li class=\"listenpunkt\"><a href=\"http:\/\/www.gruppenhaus.de\">Gruppenhaus.de<\/a><\/li>\n<li class=\"listenpunkt\"><a href=\"http:\/\/www.gruppenunterkuenfte.de\/\">Gruppenunterkuenfte.de<\/a><\/li>\n<li class=\"listenpunkt\"><a href=\"http:\/\/www.pfadfinderlinks.de\/\">Pfadfinderlinks.de<\/a><\/li>\n<li class=\"listenpunkt\"><a href=\"http:\/\/www.tagungshaus.net\">Tagungsh\u00e4user in der Di\u00f6zese Rottenburg-Stuttgart<\/a><\/li>\n<li class=\"listenpunkt\"><a href=\"http:\/\/www.schullandheim.de\">Verband Deutscher Schullandheime e.V.<\/a><\/li>\n<li class=\"listenpunkt\"><a href=\"http:\/\/www.zeltlagerplaetze.de\">Zeltlagerplaetze.de<\/a><\/li>\n<\/ul>\n<p>&nbsp;<\/p>\n<\/div>\n<div class=\"textseite-rahmen-absatz\">\n<p><span class=\"text-normal\"><b>Aktionen<\/b><br \/>\n\u00dcbersicht an Aktionen f\u00fcr die Kinder- und Jugendarbeit.<\/span><\/p>\n<ul class=\"liste-1\">\n<li class=\"listenpunkt\"><a href=\"http:\/\/www.72stunden.de\">72 Stunden Aktion<\/a><\/li>\n<li class=\"listenpunkt\"><a href=\"http:\/\/www.jugendtag.de\">Jugendtag Untermarchtal<\/a><\/li>\n<\/ul>\n<p>&nbsp;<\/p>\n<\/div>\n<div class=\"textseite-rahmen-absatz\">\n<p><span class=\"text-normal\"><b>Recht und Versicherung<\/b><br \/>\nWichtige Informationen zur rechtlichen Themen und zu Versicherungen f\u00fcr die Kinder- und Jugendarbeit.<\/span><\/p>\n<ul class=\"liste-1\">\n<li class=\"listenpunkt\"><a href=\"http:\/\/www.aufsichtspflicht.de\">Aufsichtspflicht.de<\/a><\/li>\n<li class=\"listenpunkt\"><a href=\"http:\/\/www.jugendschutz.net\">Jugendschutz.net<\/a><\/li>\n<\/ul>\n<p>&nbsp;<\/p>\n<\/div>\n<div class=\"textseite-rahmen-absatz\">\n<p><span class=\"text-normal\"><b>Christliche Bands<\/b><br \/>\n\u00dcbersicht an Christlichen Band aus der Di\u00f6zese Rottenburg-Stuttgart.<\/span><\/p>\n<ul class=\"liste-1\">\n<li class=\"listenpunkt\"><a href=\"http:\/\/www.basilea.de\/\">Basilea, Raum Balingen<\/a><\/li>\n<li class=\"listenpunkt\"><a href=\"http:\/\/www.dornbusch-online.de\/\">Dornbusch, Raum Rottenburg<\/a><\/li>\n<li class=\"listenpunkt\"><a href=\"http:\/\/www.genezareth.de\/\">genezareth, zollernalbkreis<\/a><\/li>\n<li class=\"listenpunkt\"><a href=\"http:\/\/www.q-rage.de\">Improvisationstheater ,Kunst und Kultur<\/a><br \/>\nEin gutes Improvisationstheater-Team f\u00fcr kulturelle Beitr\u00e4ge zu Veranstaltungen: individuelle Absprache und thematische Bez\u00fcge zu bestimmten Themenbereichen m\u00f6glich<\/li>\n<li class=\"listenpunkt\"><a href=\"http:\/\/www.kibamerklingen.de\/\">KiBa, Merklingen<\/a><\/li>\n<li class=\"listenpunkt\">NETTWORK, Friedrichshafen <a href=\"http:\/\/www.facebook.com\/JugendbandNettwork\">www.facebook.com\/JugendbandNettwork<\/a><\/li>\n<li class=\"listenpunkt\"><a href=\"http:\/\/www.noahsarkband.de\/\">Noahsarkband, Raum Ulm<\/a><\/li>\n<li class=\"listenpunkt\"><a href=\"http:\/\/www.scouts-chor.de\/\">Scouts &amp; Chor, Raum Heilbronn<\/a><\/li>\n<li class=\"listenpunkt\"><a href=\"http:\/\/www.w4c.info\/\">W4C, Ravensburg<\/a><\/li>\n<\/ul>\n<\/div>\n","protected":false},"excerpt":{"rendered":"<p>Jugendreferate der Di\u00f6zese Rottenburg-Stuttgart Pfarreien in unserem Dekanat Kirchengemeinde St. Petrus und Paulus Ettenkirch Verb\u00e4nde Links zu katholischen Kinder- und Jugendverb\u00e4nde auf Di\u00f6zesanebene und Bundesebene Bund der Deutschen Kath. Jugend (BDKJ) &#8211; Bundesverband Bund der Deutschen Kath. Jugend (BDKJ) &#8211; Di\u00f6zesanverband CAJ Rotteburg-Stuttgart DPSG Bundesverband DPSG Di\u00f6zesanverband[\/url Giovani delle ACLI KJG Bundesverband KJG Di\u00f6zesanverband KLJB &hellip;<\/p>\n","protected":false},"author":24,"featured_media":0,"parent":316,"menu_order":0,"comment_status":"closed","ping_status":"closed","template":"","meta":{"_acf_changed":false,"footnotes":""},"class_list":["post-358","page","type-page","status-publish","hentry"],"acf":[],"yoast_head":"<!-- This site is optimized with the Yoast SEO plugin v27.5 - https:\/\/yoast.com\/product\/yoast-seo-wordpress\/ -->\n<title>Links - Jugendreferat<\/title>\n<meta name=\"robots\" content=\"index, follow, max-snippet:-1, max-image-preview:large, max-video-preview:-1\" \/>\n<link rel=\"canonical\" href=\"https:\/\/katholisch-friedrichshafen.de\/jugendreferat\/service\/links\/\" \/>\n<meta property=\"og:locale\" content=\"de_DE\" \/>\n<meta property=\"og:type\" content=\"article\" \/>\n<meta property=\"og:title\" content=\"Links - Jugendreferat\" \/>\n<meta property=\"og:description\" content=\"Jugendreferate der Di\u00f6zese Rottenburg-Stuttgart Pfarreien in unserem Dekanat Kirchengemeinde St. Petrus und Paulus Ettenkirch Verb\u00e4nde Links zu katholischen Kinder- und Jugendverb\u00e4nde auf Di\u00f6zesanebene und Bundesebene Bund der Deutschen Kath. Jugend (BDKJ) &#8211; Bundesverband Bund der Deutschen Kath. Jugend (BDKJ) &#8211; Di\u00f6zesanverband CAJ Rotteburg-Stuttgart DPSG Bundesverband DPSG Di\u00f6zesanverband[\/url Giovani delle ACLI KJG Bundesverband KJG Di\u00f6zesanverband KLJB &hellip;\" \/>\n<meta property=\"og:url\" content=\"https:\/\/katholisch-friedrichshafen.de\/jugendreferat\/service\/links\/\" \/>\n<meta property=\"og:site_name\" content=\"Jugendreferat\" \/>\n<meta property=\"article:modified_time\" content=\"2024-01-24T18:24:30+00:00\" \/>\n<meta name=\"twitter:card\" content=\"summary_large_image\" \/>\n<meta name=\"twitter:label1\" content=\"Gesch\u00e4tzte Lesezeit\" \/>\n\t<meta name=\"twitter:data1\" content=\"3\u00a0Minuten\" \/>\n<script type=\"application\/ld+json\" class=\"yoast-schema-graph\">{\"@context\":\"https:\\\/\\\/schema.org\",\"@graph\":[{\"@type\":\"WebPage\",\"@id\":\"https:\\\/\\\/katholisch-friedrichshafen.de\\\/jugendreferat\\\/service\\\/links\\\/\",\"url\":\"https:\\\/\\\/katholisch-friedrichshafen.de\\\/jugendreferat\\\/service\\\/links\\\/\",\"name\":\"Links - Jugendreferat\",\"isPartOf\":{\"@id\":\"https:\\\/\\\/katholisch-friedrichshafen.de\\\/jugendreferat\\\/#website\"},\"datePublished\":\"2019-12-04T08:58:09+00:00\",\"dateModified\":\"2024-01-24T18:24:30+00:00\",\"breadcrumb\":{\"@id\":\"https:\\\/\\\/katholisch-friedrichshafen.de\\\/jugendreferat\\\/service\\\/links\\\/#breadcrumb\"},\"inLanguage\":\"de\",\"potentialAction\":[{\"@type\":\"ReadAction\",\"target\":[\"https:\\\/\\\/katholisch-friedrichshafen.de\\\/jugendreferat\\\/service\\\/links\\\/\"]}]},{\"@type\":\"BreadcrumbList\",\"@id\":\"https:\\\/\\\/katholisch-friedrichshafen.de\\\/jugendreferat\\\/service\\\/links\\\/#breadcrumb\",\"itemListElement\":[{\"@type\":\"ListItem\",\"position\":1,\"name\":\"Startseite\",\"item\":\"https:\\\/\\\/katholisch-friedrichshafen.de\\\/jugendreferat\\\/\"},{\"@type\":\"ListItem\",\"position\":2,\"name\":\"Service\",\"item\":\"https:\\\/\\\/katholisch-friedrichshafen.de\\\/jugendreferat\\\/service\\\/\"},{\"@type\":\"ListItem\",\"position\":3,\"name\":\"Links\"}]},{\"@type\":\"WebSite\",\"@id\":\"https:\\\/\\\/katholisch-friedrichshafen.de\\\/jugendreferat\\\/#website\",\"url\":\"https:\\\/\\\/katholisch-friedrichshafen.de\\\/jugendreferat\\\/\",\"name\":\"Jugendreferat\",\"description\":\"Eine weitere Home Website\",\"potentialAction\":[{\"@type\":\"SearchAction\",\"target\":{\"@type\":\"EntryPoint\",\"urlTemplate\":\"https:\\\/\\\/katholisch-friedrichshafen.de\\\/jugendreferat\\\/?s={search_term_string}\"},\"query-input\":{\"@type\":\"PropertyValueSpecification\",\"valueRequired\":true,\"valueName\":\"search_term_string\"}}],\"inLanguage\":\"de\"}]}<\/script>\n<!-- \/ Yoast SEO plugin. -->","yoast_head_json":{"title":"Links - Jugendreferat","robots":{"index":"index","follow":"follow","max-snippet":"max-snippet:-1","max-image-preview":"max-image-preview:large","max-video-preview":"max-video-preview:-1"},"canonical":"https:\/\/katholisch-friedrichshafen.de\/jugendreferat\/service\/links\/","og_locale":"de_DE","og_type":"article","og_title":"Links - Jugendreferat","og_description":"Jugendreferate der Di\u00f6zese Rottenburg-Stuttgart Pfarreien in unserem Dekanat Kirchengemeinde St. Petrus und Paulus Ettenkirch Verb\u00e4nde Links zu katholischen Kinder- und Jugendverb\u00e4nde auf Di\u00f6zesanebene und Bundesebene Bund der Deutschen Kath. Jugend (BDKJ) &#8211; Bundesverband Bund der Deutschen Kath. Jugend (BDKJ) &#8211; Di\u00f6zesanverband CAJ Rotteburg-Stuttgart DPSG Bundesverband DPSG Di\u00f6zesanverband[\/url Giovani delle ACLI KJG Bundesverband KJG Di\u00f6zesanverband KLJB &hellip;","og_url":"https:\/\/katholisch-friedrichshafen.de\/jugendreferat\/service\/links\/","og_site_name":"Jugendreferat","article_modified_time":"2024-01-24T18:24:30+00:00","twitter_card":"summary_large_image","twitter_misc":{"Gesch\u00e4tzte Lesezeit":"3\u00a0Minuten"},"schema":{"@context":"https:\/\/schema.org","@graph":[{"@type":"WebPage","@id":"https:\/\/katholisch-friedrichshafen.de\/jugendreferat\/service\/links\/","url":"https:\/\/katholisch-friedrichshafen.de\/jugendreferat\/service\/links\/","name":"Links - Jugendreferat","isPartOf":{"@id":"https:\/\/katholisch-friedrichshafen.de\/jugendreferat\/#website"},"datePublished":"2019-12-04T08:58:09+00:00","dateModified":"2024-01-24T18:24:30+00:00","breadcrumb":{"@id":"https:\/\/katholisch-friedrichshafen.de\/jugendreferat\/service\/links\/#breadcrumb"},"inLanguage":"de","potentialAction":[{"@type":"ReadAction","target":["https:\/\/katholisch-friedrichshafen.de\/jugendreferat\/service\/links\/"]}]},{"@type":"BreadcrumbList","@id":"https:\/\/katholisch-friedrichshafen.de\/jugendreferat\/service\/links\/#breadcrumb","itemListElement":[{"@type":"ListItem","position":1,"name":"Startseite","item":"https:\/\/katholisch-friedrichshafen.de\/jugendreferat\/"},{"@type":"ListItem","position":2,"name":"Service","item":"https:\/\/katholisch-friedrichshafen.de\/jugendreferat\/service\/"},{"@type":"ListItem","position":3,"name":"Links"}]},{"@type":"WebSite","@id":"https:\/\/katholisch-friedrichshafen.de\/jugendreferat\/#website","url":"https:\/\/katholisch-friedrichshafen.de\/jugendreferat\/","name":"Jugendreferat","description":"Eine weitere Home Website","potentialAction":[{"@type":"SearchAction","target":{"@type":"EntryPoint","urlTemplate":"https:\/\/katholisch-friedrichshafen.de\/jugendreferat\/?s={search_term_string}"},"query-input":{"@type":"PropertyValueSpecification","valueRequired":true,"valueName":"search_term_string"}}],"inLanguage":"de"}]}},"_links":{"self":[{"href":"https:\/\/katholisch-friedrichshafen.de\/jugendreferat\/wp-json\/wp\/v2\/pages\/358","targetHints":{"allow":["GET"]}}],"collection":[{"href":"https:\/\/katholisch-friedrichshafen.de\/jugendreferat\/wp-json\/wp\/v2\/pages"}],"about":[{"href":"https:\/\/katholisch-friedrichshafen.de\/jugendreferat\/wp-json\/wp\/v2\/types\/page"}],"author":[{"embeddable":true,"href":"https:\/\/katholisch-friedrichshafen.de\/jugendreferat\/wp-json\/wp\/v2\/users\/24"}],"replies":[{"embeddable":true,"href":"https:\/\/katholisch-friedrichshafen.de\/jugendreferat\/wp-json\/wp\/v2\/comments?post=358"}],"version-history":[{"count":5,"href":"https:\/\/katholisch-friedrichshafen.de\/jugendreferat\/wp-json\/wp\/v2\/pages\/358\/revisions"}],"predecessor-version":[{"id":420,"href":"https:\/\/katholisch-friedrichshafen.de\/jugendreferat\/wp-json\/wp\/v2\/pages\/358\/revisions\/420"}],"up":[{"embeddable":true,"href":"https:\/\/katholisch-friedrichshafen.de\/jugendreferat\/wp-json\/wp\/v2\/pages\/316"}],"wp:attachment":[{"href":"https:\/\/katholisch-friedrichshafen.de\/jugendreferat\/wp-json\/wp\/v2\/media?parent=358"}],"curies":[{"name":"wp","href":"https:\/\/api.w.org\/{rel}","templated":true}]}}